{"id":7453,"date":"2024-02-02T14:24:52","date_gmt":"2024-02-02T13:24:52","guid":{"rendered":"https:\/\/weinshop.edelundfaul.de\/?post_type=mec-events&#038;p=7453"},"modified":"2024-05-02T14:45:03","modified_gmt":"2024-05-02T12:45:03","slug":"best-of-oesterreich-from-natural-to-klassik","status":"publish","type":"mec-events","link":"https:\/\/weinshop.edelundfaul.de\/?mec-events=best-of-oesterreich-from-natural-to-klassik","title":{"rendered":"BEST OF \u00d6STERREICH: FROM NATURAL TO KLASSIK!"},"content":{"rendered":"\t\t<div data-elementor-type=\"wp-post\" data-elementor-id=\"7453\" class=\"elementor elementor-7453\" data-elementor-post-type=\"mec-events\">\n\t\t\t\t\t\t<section class=\"elementor-section elementor-top-section elementor-element elementor-element-a52f1c0 elementor-section-boxed elementor-section-height-default elementor-section-height-default\" data-id=\"a52f1c0\" data-element_type=\"section\" data-e-type=\"section\">\n\t\t\t\t\t\t<div class=\"elementor-container elementor-column-gap-no\">\n\t\t\t\t\t<div class=\"elementor-column elementor-col-100 elementor-top-column elementor-element elementor-element-5862cd5\" data-id=\"5862cd5\" data-element_type=\"column\" data-e-type=\"column\">\n\t\t\t<div class=\"elementor-widget-wrap elementor-element-populated\">\n\t\t\t\t\t\t<div class=\"elementor-element elementor-element-919796d elementor-widget elementor-widget-heading\" data-id=\"919796d\" data-element_type=\"widget\" data-e-type=\"widget\" data-widget_type=\"heading.default\">\n\t\t\t\t<div class=\"elementor-widget-container\">\n\t\t\t\t\t<h5 class=\"elementor-heading-title elementor-size-default\">WIR LADEN EIN ZU:<\/h5>\t\t\t\t<\/div>\n\t\t\t\t<\/div>\n\t\t\t\t<div class=\"elementor-element elementor-element-de7bf42 elementor-widget elementor-widget-theme-post-title elementor-page-title elementor-widget-heading\" data-id=\"de7bf42\" data-element_type=\"widget\" data-e-type=\"widget\" data-widget_type=\"theme-post-title.default\">\n\t\t\t\t<div class=\"elementor-widget-container\">\n\t\t\t\t\t<h1 class=\"elementor-heading-title elementor-size-default\">BEST OF \u00d6STERREICH: FROM NATURAL TO KLASSIK!<\/h1>\t\t\t\t<\/div>\n\t\t\t\t<\/div>\n\t\t\t\t<div class=\"elementor-element elementor-element-4ccd4d8 elementor-widget elementor-widget-heading\" data-id=\"4ccd4d8\" data-element_type=\"widget\" data-e-type=\"widget\" data-widget_type=\"heading.default\">\n\t\t\t\t<div class=\"elementor-widget-container\">\n\t\t\t\t\t<h3 class=\"elementor-heading-title elementor-size-default\">LIVE IM EDEL &amp; FAUL<\/h3>\t\t\t\t<\/div>\n\t\t\t\t<\/div>\n\t\t\t\t\t<\/div>\n\t\t<\/div>\n\t\t\t\t\t<\/div>\n\t\t<\/section>\n\t\t\t\t<section class=\"elementor-section elementor-top-section elementor-element elementor-element-a8256de elementor-section-boxed elementor-section-height-default elementor-section-height-default\" data-id=\"a8256de\" data-element_type=\"section\" data-e-type=\"section\">\n\t\t\t\t\t\t<div class=\"elementor-container elementor-column-gap-no\">\n\t\t\t\t\t<div class=\"elementor-column elementor-col-100 elementor-top-column elementor-element elementor-element-012bdb7\" data-id=\"012bdb7\" data-element_type=\"column\" data-e-type=\"column\">\n\t\t\t<div class=\"elementor-widget-wrap elementor-element-populated\">\n\t\t\t\t\t\t<div class=\"elementor-element elementor-element-d8ed7ae elementor-widget elementor-widget-theme-post-excerpt\" data-id=\"d8ed7ae\" data-element_type=\"widget\" data-e-type=\"widget\" data-widget_type=\"theme-post-excerpt.default\">\n\t\t\t\t<div class=\"elementor-widget-container\">\n\t\t\t\t\tDatum: Fr, 03.05.2024 | 20:00 Uhr\t\t\t\t<\/div>\n\t\t\t\t<\/div>\n\t\t\t\t<div class=\"elementor-element elementor-element-6691017 event-copytext elementor-widget elementor-widget-text-editor\" data-id=\"6691017\" data-element_type=\"widget\" data-e-type=\"widget\" data-widget_type=\"text-editor.default\">\n\t\t\t\t<div class=\"elementor-widget-container\">\n\t\t\t\t\t\t\t\t\t<p><strong>Zum Auftakt geht es in die Steiermark!<\/strong> Die Region steht f\u00fcr Avantgarde und Aufbruch in \u00d6sterreich!<\/p><p><strong>Hannes &amp; Peter Harkamp<\/strong> produzieren auf kargen Schieferb\u00f6den straffe, hochmineralische Weine und exzellente Sekte und <strong>Alice &amp; Roland Tauss<\/strong> geh\u00f6ren zu den G\u00f6ttern des Natural Weinbaus! Weiter geht es mit dem Blaufr\u00e4nkisch Wunder rund um Dorli Muhr in den Kalklagen vom Spitzerberg im Carnuntum. Mit ihrer k\u00fchlen, finessenreichen und gleichzeitig kraftvollen Inszenierung dieser Rebsorte ist sie in die absolute Rotwein Weltspitze vorgedrungen.<\/p><p><strong>Es wird spannend Freunde!<\/strong><\/p>\t\t\t\t\t\t\t\t<\/div>\n\t\t\t\t<\/div>\n\t\t\t\t<div class=\"elementor-element elementor-element-7df103a elementor-widget elementor-widget-price-list\" data-id=\"7df103a\" data-element_type=\"widget\" data-e-type=\"widget\" data-widget_type=\"price-list.default\">\n\t\t\t\t<div class=\"elementor-widget-container\">\n\t\t\t\t\t\n\t\t<ul class=\"elementor-price-list\">\n\n\t\t\t\t\t\t\t\t\t<li><a class=\"elementor-price-list-item\" href=\"#\">\t\t\t\t\n\t\t\t\t<div class=\"elementor-price-list-text\">\n\t\t\t\t\t\t\t\t\t<div class=\"elementor-price-list-header\">\n\t\t\t\t\t\t\t\t\t\t\t<span class=\"elementor-price-list-title\">\n\t\t\t\t\t\t\t7 x Wein\t\t\t\t\t\t<\/span>\n\t\t\t\t\t\t\t\t\t\t\t\t\t\t\t\t\t\t<span class=\"elementor-price-list-separator\"><\/span>\n\t\t\t\t\t\t\t\t\t\t\t\t\t\t\t\t\t\t\t<span class=\"elementor-price-list-price\">50,00 Euro<\/span>\n\t\t\t\t\t\t\t\t\t\t<\/div>\n\t\t\t\t\t\t\t\t\t\t\t\t\t\t\t<p class=\"elementor-price-list-description\">\n\t\t\t\t\t\t\tinkl. Wasser, Brot & Snacks\t\t\t\t\t\t<\/p>\n\t\t\t\t\t\t\t\t<\/div>\n\t\t\t\t<\/a><\/li>\t\t\t\t\t\n\t\t<\/ul>\n\n\t\t\t\t\t\t<\/div>\n\t\t\t\t<\/div>\n\t\t\t\t<div class=\"elementor-element elementor-element-f33e7b9 elementor-widget-divider--view-line elementor-widget elementor-widget-divider\" data-id=\"f33e7b9\" data-element_type=\"widget\" data-e-type=\"widget\" data-widget_type=\"divider.default\">\n\t\t\t\t<div class=\"elementor-widget-container\">\n\t\t\t\t\t\t\t<div class=\"elementor-divider\">\n\t\t\t<span class=\"elementor-divider-separator\">\n\t\t\t\t\t\t<\/span>\n\t\t<\/div>\n\t\t\t\t\t\t<\/div>\n\t\t\t\t<\/div>\n\t\t\t\t\t<\/div>\n\t\t<\/div>\n\t\t\t\t\t<\/div>\n\t\t<\/section>\n\t\t\t\t<section class=\"elementor-section elementor-top-section elementor-element elementor-element-1c9d913 elementor-section-full_width elementor-section-height-default elementor-section-height-default\" data-id=\"1c9d913\" data-element_type=\"section\" data-e-type=\"section\" data-settings=\"{&quot;background_background&quot;:&quot;classic&quot;}\">\n\t\t\t\t\t\t<div class=\"elementor-container elementor-column-gap-no\">\n\t\t\t\t\t<div class=\"elementor-column elementor-col-100 elementor-top-column elementor-element elementor-element-d8b8049\" data-id=\"d8b8049\" data-element_type=\"column\" data-e-type=\"column\">\n\t\t\t<div class=\"elementor-widget-wrap elementor-element-populated\">\n\t\t\t\t\t\t<div class=\"elementor-element elementor-element-11f7c2d elementor-widget elementor-widget-heading\" data-id=\"11f7c2d\" data-element_type=\"widget\" data-e-type=\"widget\" data-widget_type=\"heading.default\">\n\t\t\t\t<div class=\"elementor-widget-container\">\n\t\t\t\t\t<h5 class=\"elementor-heading-title elementor-size-default\">Teilnahme:<\/h5>\t\t\t\t<\/div>\n\t\t\t\t<\/div>\n\t\t\t\t<div class=\"elementor-element elementor-element-8416c91 info-copytext elementor-icon-list--layout-traditional elementor-list-item-link-full_width elementor-widget elementor-widget-icon-list\" data-id=\"8416c91\" data-element_type=\"widget\" data-e-type=\"widget\" data-widget_type=\"icon-list.default\">\n\t\t\t\t<div class=\"elementor-widget-container\">\n\t\t\t\t\t\t\t<ul class=\"elementor-icon-list-items\">\n\t\t\t\t\t\t\t<li class=\"elementor-icon-list-item\">\n\t\t\t\t\t\t\t\t\t\t\t<span class=\"elementor-icon-list-icon\">\n\t\t\t\t\t\t\t<svg xmlns=\"http:\/\/www.w3.org\/2000\/svg\" xmlns:xlink=\"http:\/\/www.w3.org\/1999\/xlink\" x=\"0px\" y=\"0px\" width=\"36px\" height=\"36px\" viewBox=\"6 6 36 36\" xml:space=\"preserve\"><g id=\"Ebene_1\">\t<circle cx=\"24\" cy=\"24\" r=\"18\"><\/circle><\/g><g id=\"Ebene_2\">\t<rect x=\"7.381\" y=\"12.03\" fill=\"none\" width=\"33.238\" height=\"23.939\"><\/rect>\t<text transform=\"matrix(1 0 0 1 15.6602 34.71)\" fill=\"#FFFFFF\" font-family=\"'Avenir-Roman'\" font-size=\"30\">1<\/text><\/g><\/svg>\t\t\t\t\t\t<\/span>\n\t\t\t\t\t\t\t\t\t\t<span class=\"elementor-icon-list-text\">Ticketanzahl ausw\u00e4hlen<\/span>\n\t\t\t\t\t\t\t\t\t<\/li>\n\t\t\t\t\t\t\t\t<li class=\"elementor-icon-list-item\">\n\t\t\t\t\t\t\t\t\t\t\t<span class=\"elementor-icon-list-icon\">\n\t\t\t\t\t\t\t<svg xmlns=\"http:\/\/www.w3.org\/2000\/svg\" xmlns:xlink=\"http:\/\/www.w3.org\/1999\/xlink\" x=\"0px\" y=\"0px\" width=\"36px\" height=\"36px\" viewBox=\"6 6 36 36\" xml:space=\"preserve\"><g id=\"Ebene_1\">\t<circle cx=\"24\" cy=\"24\" r=\"18\"><\/circle><\/g><g id=\"Ebene_2\">\t<rect x=\"7.381\" y=\"12.03\" fill=\"none\" width=\"33.238\" height=\"23.939\"><\/rect>\t<text transform=\"matrix(1 0 0 1 15.6602 34.71)\" fill=\"#FFFFFF\" font-family=\"'Avenir-Roman'\" font-size=\"30\">2<\/text><\/g><\/svg>\t\t\t\t\t\t<\/span>\n\t\t\t\t\t\t\t\t\t\t<span class=\"elementor-icon-list-text\">In den Warenkorb legen<\/span>\n\t\t\t\t\t\t\t\t\t<\/li>\n\t\t\t\t\t\t\t\t<li class=\"elementor-icon-list-item\">\n\t\t\t\t\t\t\t\t\t\t\t<span class=\"elementor-icon-list-icon\">\n\t\t\t\t\t\t\t<svg xmlns=\"http:\/\/www.w3.org\/2000\/svg\" xmlns:xlink=\"http:\/\/www.w3.org\/1999\/xlink\" x=\"0px\" y=\"0px\" width=\"36px\" height=\"36px\" viewBox=\"6 6 36 36\" xml:space=\"preserve\"><g id=\"Ebene_1\">\t<circle cx=\"24\" cy=\"24\" r=\"18\"><\/circle><\/g><g id=\"Ebene_2\">\t<rect x=\"7.381\" y=\"12.03\" fill=\"none\" width=\"33.238\" height=\"23.939\"><\/rect>\t<text transform=\"matrix(1 0 0 1 15.6602 34.71)\" fill=\"#FFFFFF\" font-family=\"'Avenir-Roman'\" font-size=\"30\">3<\/text><\/g><\/svg>\t\t\t\t\t\t<\/span>\n\t\t\t\t\t\t\t\t\t\t<span class=\"elementor-icon-list-text\">Ticket bezahlen<\/span>\n\t\t\t\t\t\t\t\t\t<\/li>\n\t\t\t\t\t\t<\/ul>\n\t\t\t\t\t\t<\/div>\n\t\t\t\t<\/div>\n\t\t\t\t\t<\/div>\n\t\t<\/div>\n\t\t\t\t\t<\/div>\n\t\t<\/section>\n\t\t\t\t<section class=\"elementor-section elementor-top-section elementor-element elementor-element-edea17c elementor-section-full_width elementor-section-height-default elementor-section-height-default\" data-id=\"edea17c\" data-element_type=\"section\" data-e-type=\"section\" data-settings=\"{&quot;background_background&quot;:&quot;classic&quot;}\">\n\t\t\t\t\t\t<div class=\"elementor-container elementor-column-gap-no\">\n\t\t\t\t\t<div class=\"elementor-column elementor-col-100 elementor-top-column elementor-element elementor-element-b4612f7\" data-id=\"b4612f7\" data-element_type=\"column\" data-e-type=\"column\">\n\t\t\t<div class=\"elementor-widget-wrap elementor-element-populated\">\n\t\t\t\t\t\t<div class=\"elementor-element elementor-element-a6789e3 elementor-widget elementor-widget-heading\" data-id=\"a6789e3\" data-element_type=\"widget\" data-e-type=\"widget\" data-widget_type=\"heading.default\">\n\t\t\t\t<div class=\"elementor-widget-container\">\n\t\t\t\t\t<h5 class=\"elementor-heading-title elementor-size-default\">Corona-Hinweis:<\/h5>\t\t\t\t<\/div>\n\t\t\t\t<\/div>\n\t\t\t\t<div class=\"elementor-element elementor-element-0ac982a elementor-widget elementor-widget-text-editor\" data-id=\"0ac982a\" data-element_type=\"widget\" data-e-type=\"widget\" data-widget_type=\"text-editor.default\">\n\t\t\t\t<div class=\"elementor-widget-container\">\n\t\t\t\t\t\t\t\t\t<p>Es gelten f\u00fcr alle Teilnehmer, die von der Bundesregierung ausgegebenen, <span style=\"color: #e14d43;\"><a style=\"color: #e14d43;\" href=\"https:\/\/www.bundesregierung.de\/breg-de\/themen\/coronavirus\/corona-bundeslaender-1745198\" target=\"_blank\" rel=\"noopener\">offiziellen Abstands- und Hygienema\u00dfnahmen.<\/a><\/span><\/p>\t\t\t\t\t\t\t\t<\/div>\n\t\t\t\t<\/div>\n\t\t\t\t\t<\/div>\n\t\t<\/div>\n\t\t\t\t\t<\/div>\n\t\t<\/section>\n\t\t\t\t<section class=\"elementor-section elementor-top-section elementor-element elementor-element-1b29003 elementor-section-full_width elementor-section-height-default elementor-section-height-default\" data-id=\"1b29003\" data-element_type=\"section\" data-e-type=\"section\" data-settings=\"{&quot;background_background&quot;:&quot;classic&quot;}\">\n\t\t\t\t\t\t<div class=\"elementor-container elementor-column-gap-no\">\n\t\t\t\t\t<div class=\"elementor-column elementor-col-100 elementor-top-column elementor-element elementor-element-0a7a502\" data-id=\"0a7a502\" data-element_type=\"column\" data-e-type=\"column\">\n\t\t\t<div class=\"elementor-widget-wrap elementor-element-populated\">\n\t\t\t\t\t\t<div class=\"elementor-element elementor-element-fed6312 elementor-widget elementor-widget-heading\" data-id=\"fed6312\" data-element_type=\"widget\" data-e-type=\"widget\" data-widget_type=\"heading.default\">\n\t\t\t\t<div class=\"elementor-widget-container\">\n\t\t\t\t\t<h5 class=\"elementor-heading-title elementor-size-default\">Datenschutz:<\/h5>\t\t\t\t<\/div>\n\t\t\t\t<\/div>\n\t\t\t\t<div class=\"elementor-element elementor-element-8ecbc13 elementor-widget elementor-widget-text-editor\" data-id=\"8ecbc13\" data-element_type=\"widget\" data-e-type=\"widget\" data-widget_type=\"text-editor.default\">\n\t\t\t\t<div class=\"elementor-widget-container\">\n\t\t\t\t\t\t\t\t\t<small><span style=\"color: #999999; line-height: 0px;\">\u201eWir verarbeiten Ihre Vertragsdaten (z.B. in Anspruch genommene Leistungen, Namen von Kontaktpersonen, E-Mail Adressen) um unsere vertraglichen Verpflichtungen und Serviceleistungen gem\u00e4\u00df Art. 6 Abs. 1 lit b. DSGVO zu erf\u00fcllen. Die in Onlineformularen als verpflichtend gekennzeichneten Angaben sind f\u00fcr den Vertragsschluss erforderlich.\u201c<\/span><\/small>\n\n<small><span style=\"color: #999999; line-height: 0px;\">Mit dem Absenden Ihrer Daten per E-Mail an uns best\u00e4tigen Sie, dass Sie unsere Datenschutzerkl\u00e4rung gelesen haben und dieser zustimmen.<\/span><\/small>\n\n<a href=\"https:\/\/weinshop.edelundfaul.de\/datenschutzbelehrung\/\" target=\"_blank\" rel=\"noopener noreferrer\">Datenschutzerkl\u00e4rung lesen!<\/a>\t\t\t\t\t\t\t\t<\/div>\n\t\t\t\t<\/div>\n\t\t\t\t\t<\/div>\n\t\t<\/div>\n\t\t\t\t\t<\/div>\n\t\t<\/section>\n\t\t\t\t<\/div>\n\t\t","protected":false},"excerpt":{"rendered":"<p>Datum: Fr, 03.05.2024 | 20:00 Uhr<\/p>\n","protected":false},"author":1,"featured_media":7455,"comment_status":"closed","ping_status":"closed","template":"elementor_header_footer","tags":[],"mec_category":[866],"class_list":["post-7453","mec-events","type-mec-events","status-publish","has-post-thumbnail","hentry","mec_category-live-tastings"],"yoast_head":"<!-- This site is optimized with the Yoast SEO plugin v27.8 - https:\/\/yoast.com\/product\/yoast-seo-wordpress\/ -->\n<title>BEST OF \u00d6STERREICH: FROM NATURAL TO KLASSIK! - Edel &amp; Faul - Weinshop<\/title>\n<meta name=\"description\" content=\"Zum Auftakt geht es in die Steiermark! Die Region steht f\u00fcr Avantgarde und Aufbruch in \u00d6sterreich!\" \/>\n<meta name=\"robots\" content=\"index, follow, max-snippet:-1, max-image-preview:large, max-video-preview:-1\" \/>\n<link rel=\"canonical\" href=\"https:\/\/weinshop.edelundfaul.de\/?mec-events=best-of-oesterreich-from-natural-to-klassik\" \/>\n<meta property=\"og:locale\" content=\"de_DE\" \/>\n<meta property=\"og:type\" content=\"article\" \/>\n<meta property=\"og:title\" content=\"BEST OF \u00d6STERREICH: FROM NATURAL TO KLASSIK! - Edel &amp; Faul - Weinshop\" \/>\n<meta property=\"og:description\" content=\"Zum Auftakt geht es in die Steiermark! Die Region steht f\u00fcr Avantgarde und Aufbruch in \u00d6sterreich!\" \/>\n<meta property=\"og:url\" content=\"https:\/\/weinshop.edelundfaul.de\/?mec-events=best-of-oesterreich-from-natural-to-klassik\" \/>\n<meta property=\"og:site_name\" content=\"Edel &amp; Faul - Weinshop\" \/>\n<meta property=\"article:publisher\" content=\"https:\/\/de-de.facebook.com\/edelundfaul\/\" \/>\n<meta property=\"article:modified_time\" content=\"2024-05-02T12:45:03+00:00\" \/>\n<meta property=\"og:image\" content=\"https:\/\/weinshop.edelundfaul.de\/wp-content\/uploads\/2024\/02\/online-tasting-2024-05-03-thumb.jpg\" \/>\n\t<meta property=\"og:image:width\" content=\"1200\" \/>\n\t<meta property=\"og:image:height\" content=\"800\" \/>\n\t<meta property=\"og:image:type\" content=\"image\/jpeg\" \/>\n<meta name=\"twitter:card\" content=\"summary_large_image\" \/>\n<meta name=\"twitter:label1\" content=\"Gesch\u00e4tzte Lesezeit\" \/>\n\t<meta name=\"twitter:data1\" content=\"2\u00a0Minuten\" \/>\n<script type=\"application\/ld+json\" class=\"yoast-schema-graph\">{\"@context\":\"https:\\\/\\\/schema.org\",\"@graph\":[{\"@type\":\"WebPage\",\"@id\":\"https:\\\/\\\/weinshop.edelundfaul.de\\\/?mec-events=best-of-oesterreich-from-natural-to-klassik\",\"url\":\"https:\\\/\\\/weinshop.edelundfaul.de\\\/?mec-events=best-of-oesterreich-from-natural-to-klassik\",\"name\":\"BEST OF \u00d6STERREICH: FROM NATURAL TO KLASSIK! - Edel &amp; Faul - Weinshop\",\"isPartOf\":{\"@id\":\"https:\\\/\\\/weinshop.edelundfaul.de\\\/#website\"},\"primaryImageOfPage\":{\"@id\":\"https:\\\/\\\/weinshop.edelundfaul.de\\\/?mec-events=best-of-oesterreich-from-natural-to-klassik#primaryimage\"},\"image\":{\"@id\":\"https:\\\/\\\/weinshop.edelundfaul.de\\\/?mec-events=best-of-oesterreich-from-natural-to-klassik#primaryimage\"},\"thumbnailUrl\":\"https:\\\/\\\/weinshop.edelundfaul.de\\\/wp-content\\\/uploads\\\/2024\\\/02\\\/online-tasting-2024-05-03-thumb.jpg\",\"datePublished\":\"2024-02-02T13:24:52+00:00\",\"dateModified\":\"2024-05-02T12:45:03+00:00\",\"description\":\"Zum Auftakt geht es in die Steiermark! Die Region steht f\u00fcr Avantgarde und Aufbruch in \u00d6sterreich!\",\"breadcrumb\":{\"@id\":\"https:\\\/\\\/weinshop.edelundfaul.de\\\/?mec-events=best-of-oesterreich-from-natural-to-klassik#breadcrumb\"},\"inLanguage\":\"de\",\"potentialAction\":[{\"@type\":\"ReadAction\",\"target\":[\"https:\\\/\\\/weinshop.edelundfaul.de\\\/?mec-events=best-of-oesterreich-from-natural-to-klassik\"]}]},{\"@type\":\"ImageObject\",\"inLanguage\":\"de\",\"@id\":\"https:\\\/\\\/weinshop.edelundfaul.de\\\/?mec-events=best-of-oesterreich-from-natural-to-klassik#primaryimage\",\"url\":\"https:\\\/\\\/weinshop.edelundfaul.de\\\/wp-content\\\/uploads\\\/2024\\\/02\\\/online-tasting-2024-05-03-thumb.jpg\",\"contentUrl\":\"https:\\\/\\\/weinshop.edelundfaul.de\\\/wp-content\\\/uploads\\\/2024\\\/02\\\/online-tasting-2024-05-03-thumb.jpg\",\"width\":1200,\"height\":800},{\"@type\":\"BreadcrumbList\",\"@id\":\"https:\\\/\\\/weinshop.edelundfaul.de\\\/?mec-events=best-of-oesterreich-from-natural-to-klassik#breadcrumb\",\"itemListElement\":[{\"@type\":\"ListItem\",\"position\":1,\"name\":\"Startseite\",\"item\":\"https:\\\/\\\/weinshop.edelundfaul.de\\\/\"},{\"@type\":\"ListItem\",\"position\":2,\"name\":\"Events\",\"item\":\"https:\\\/\\\/weinshop.edelundfaul.de\\\/?post_type=mec-events\"},{\"@type\":\"ListItem\",\"position\":3,\"name\":\"BEST OF \u00d6STERREICH: FROM NATURAL TO KLASSIK!\"}]},{\"@type\":\"WebSite\",\"@id\":\"https:\\\/\\\/weinshop.edelundfaul.de\\\/#website\",\"url\":\"https:\\\/\\\/weinshop.edelundfaul.de\\\/\",\"name\":\"Edel &amp; Faul - Weinshop\",\"description\":\"Charakterstarke internationale Weine\",\"publisher\":{\"@id\":\"https:\\\/\\\/weinshop.edelundfaul.de\\\/#organization\"},\"potentialAction\":[{\"@type\":\"SearchAction\",\"target\":{\"@type\":\"EntryPoint\",\"urlTemplate\":\"https:\\\/\\\/weinshop.edelundfaul.de\\\/?s={search_term_string}\"},\"query-input\":{\"@type\":\"PropertyValueSpecification\",\"valueRequired\":true,\"valueName\":\"search_term_string\"}}],\"inLanguage\":\"de\"},{\"@type\":\"Organization\",\"@id\":\"https:\\\/\\\/weinshop.edelundfaul.de\\\/#organization\",\"name\":\"Edel & Faul \u2013 Frank Kr\u00fcger & Kevin Leismann GbR \u2013 Edel & Faul Weinshop\",\"url\":\"https:\\\/\\\/weinshop.edelundfaul.de\\\/\",\"logo\":{\"@type\":\"ImageObject\",\"inLanguage\":\"de\",\"@id\":\"https:\\\/\\\/weinshop.edelundfaul.de\\\/#\\\/schema\\\/logo\\\/image\\\/\",\"url\":\"https:\\\/\\\/weinshop.edelundfaul.de\\\/wp-content\\\/uploads\\\/2020\\\/11\\\/logo-icon_512x512.png\",\"contentUrl\":\"https:\\\/\\\/weinshop.edelundfaul.de\\\/wp-content\\\/uploads\\\/2020\\\/11\\\/logo-icon_512x512.png\",\"width\":512,\"height\":512,\"caption\":\"Edel & Faul \u2013 Frank Kr\u00fcger & Kevin Leismann GbR \u2013 Edel & Faul Weinshop\"},\"image\":{\"@id\":\"https:\\\/\\\/weinshop.edelundfaul.de\\\/#\\\/schema\\\/logo\\\/image\\\/\"},\"sameAs\":[\"https:\\\/\\\/de-de.facebook.com\\\/edelundfaul\\\/\",\"https:\\\/\\\/www.instagram.com\\\/accounts\\\/login\\\/\"]}]}<\/script>\n<!-- \/ Yoast SEO plugin. -->","yoast_head_json":{"title":"BEST OF \u00d6STERREICH: FROM NATURAL TO KLASSIK! - Edel &amp; Faul - Weinshop","description":"Zum Auftakt geht es in die Steiermark! Die Region steht f\u00fcr Avantgarde und Aufbruch in \u00d6sterreich!","robots":{"index":"index","follow":"follow","max-snippet":"max-snippet:-1","max-image-preview":"max-image-preview:large","max-video-preview":"max-video-preview:-1"},"canonical":"https:\/\/weinshop.edelundfaul.de\/?mec-events=best-of-oesterreich-from-natural-to-klassik","og_locale":"de_DE","og_type":"article","og_title":"BEST OF \u00d6STERREICH: FROM NATURAL TO KLASSIK! - Edel &amp; Faul - Weinshop","og_description":"Zum Auftakt geht es in die Steiermark! Die Region steht f\u00fcr Avantgarde und Aufbruch in \u00d6sterreich!","og_url":"https:\/\/weinshop.edelundfaul.de\/?mec-events=best-of-oesterreich-from-natural-to-klassik","og_site_name":"Edel &amp; Faul - Weinshop","article_publisher":"https:\/\/de-de.facebook.com\/edelundfaul\/","article_modified_time":"2024-05-02T12:45:03+00:00","og_image":[{"width":1200,"height":800,"url":"https:\/\/weinshop.edelundfaul.de\/wp-content\/uploads\/2024\/02\/online-tasting-2024-05-03-thumb.jpg","type":"image\/jpeg"}],"twitter_card":"summary_large_image","twitter_misc":{"Gesch\u00e4tzte Lesezeit":"2\u00a0Minuten"},"schema":{"@context":"https:\/\/schema.org","@graph":[{"@type":"WebPage","@id":"https:\/\/weinshop.edelundfaul.de\/?mec-events=best-of-oesterreich-from-natural-to-klassik","url":"https:\/\/weinshop.edelundfaul.de\/?mec-events=best-of-oesterreich-from-natural-to-klassik","name":"BEST OF \u00d6STERREICH: FROM NATURAL TO KLASSIK! - Edel &amp; Faul - Weinshop","isPartOf":{"@id":"https:\/\/weinshop.edelundfaul.de\/#website"},"primaryImageOfPage":{"@id":"https:\/\/weinshop.edelundfaul.de\/?mec-events=best-of-oesterreich-from-natural-to-klassik#primaryimage"},"image":{"@id":"https:\/\/weinshop.edelundfaul.de\/?mec-events=best-of-oesterreich-from-natural-to-klassik#primaryimage"},"thumbnailUrl":"https:\/\/weinshop.edelundfaul.de\/wp-content\/uploads\/2024\/02\/online-tasting-2024-05-03-thumb.jpg","datePublished":"2024-02-02T13:24:52+00:00","dateModified":"2024-05-02T12:45:03+00:00","description":"Zum Auftakt geht es in die Steiermark! Die Region steht f\u00fcr Avantgarde und Aufbruch in \u00d6sterreich!","breadcrumb":{"@id":"https:\/\/weinshop.edelundfaul.de\/?mec-events=best-of-oesterreich-from-natural-to-klassik#breadcrumb"},"inLanguage":"de","potentialAction":[{"@type":"ReadAction","target":["https:\/\/weinshop.edelundfaul.de\/?mec-events=best-of-oesterreich-from-natural-to-klassik"]}]},{"@type":"ImageObject","inLanguage":"de","@id":"https:\/\/weinshop.edelundfaul.de\/?mec-events=best-of-oesterreich-from-natural-to-klassik#primaryimage","url":"https:\/\/weinshop.edelundfaul.de\/wp-content\/uploads\/2024\/02\/online-tasting-2024-05-03-thumb.jpg","contentUrl":"https:\/\/weinshop.edelundfaul.de\/wp-content\/uploads\/2024\/02\/online-tasting-2024-05-03-thumb.jpg","width":1200,"height":800},{"@type":"BreadcrumbList","@id":"https:\/\/weinshop.edelundfaul.de\/?mec-events=best-of-oesterreich-from-natural-to-klassik#breadcrumb","itemListElement":[{"@type":"ListItem","position":1,"name":"Startseite","item":"https:\/\/weinshop.edelundfaul.de\/"},{"@type":"ListItem","position":2,"name":"Events","item":"https:\/\/weinshop.edelundfaul.de\/?post_type=mec-events"},{"@type":"ListItem","position":3,"name":"BEST OF \u00d6STERREICH: FROM NATURAL TO KLASSIK!"}]},{"@type":"WebSite","@id":"https:\/\/weinshop.edelundfaul.de\/#website","url":"https:\/\/weinshop.edelundfaul.de\/","name":"Edel &amp; Faul - Weinshop","description":"Charakterstarke internationale Weine","publisher":{"@id":"https:\/\/weinshop.edelundfaul.de\/#organization"},"potentialAction":[{"@type":"SearchAction","target":{"@type":"EntryPoint","urlTemplate":"https:\/\/weinshop.edelundfaul.de\/?s={search_term_string}"},"query-input":{"@type":"PropertyValueSpecification","valueRequired":true,"valueName":"search_term_string"}}],"inLanguage":"de"},{"@type":"Organization","@id":"https:\/\/weinshop.edelundfaul.de\/#organization","name":"Edel & Faul \u2013 Frank Kr\u00fcger & Kevin Leismann GbR \u2013 Edel & Faul Weinshop","url":"https:\/\/weinshop.edelundfaul.de\/","logo":{"@type":"ImageObject","inLanguage":"de","@id":"https:\/\/weinshop.edelundfaul.de\/#\/schema\/logo\/image\/","url":"https:\/\/weinshop.edelundfaul.de\/wp-content\/uploads\/2020\/11\/logo-icon_512x512.png","contentUrl":"https:\/\/weinshop.edelundfaul.de\/wp-content\/uploads\/2020\/11\/logo-icon_512x512.png","width":512,"height":512,"caption":"Edel & Faul \u2013 Frank Kr\u00fcger & Kevin Leismann GbR \u2013 Edel & Faul Weinshop"},"image":{"@id":"https:\/\/weinshop.edelundfaul.de\/#\/schema\/logo\/image\/"},"sameAs":["https:\/\/de-de.facebook.com\/edelundfaul\/","https:\/\/www.instagram.com\/accounts\/login\/"]}]}},"_links":{"self":[{"href":"https:\/\/weinshop.edelundfaul.de\/index.php?rest_route=\/wp\/v2\/mec-events\/7453","targetHints":{"allow":["GET"]}}],"collection":[{"href":"https:\/\/weinshop.edelundfaul.de\/index.php?rest_route=\/wp\/v2\/mec-events"}],"about":[{"href":"https:\/\/weinshop.edelundfaul.de\/index.php?rest_route=\/wp\/v2\/types\/mec-events"}],"author":[{"embeddable":true,"href":"https:\/\/weinshop.edelundfaul.de\/index.php?rest_route=\/wp\/v2\/users\/1"}],"replies":[{"embeddable":true,"href":"https:\/\/weinshop.edelundfaul.de\/index.php?rest_route=%2Fwp%2Fv2%2Fcomments&post=7453"}],"version-history":[{"count":3,"href":"https:\/\/weinshop.edelundfaul.de\/index.php?rest_route=\/wp\/v2\/mec-events\/7453\/revisions"}],"predecessor-version":[{"id":7459,"href":"https:\/\/weinshop.edelundfaul.de\/index.php?rest_route=\/wp\/v2\/mec-events\/7453\/revisions\/7459"}],"wp:featuredmedia":[{"embeddable":true,"href":"https:\/\/weinshop.edelundfaul.de\/index.php?rest_route=\/wp\/v2\/media\/7455"}],"wp:attachment":[{"href":"https:\/\/weinshop.edelundfaul.de\/index.php?rest_route=%2Fwp%2Fv2%2Fmedia&parent=7453"}],"wp:term":[{"taxonomy":"post_tag","embeddable":true,"href":"https:\/\/weinshop.edelundfaul.de\/index.php?rest_route=%2Fwp%2Fv2%2Ftags&post=7453"},{"taxonomy":"mec_category","embeddable":true,"href":"https:\/\/weinshop.edelundfaul.de\/index.php?rest_route=%2Fwp%2Fv2%2Fmec_category&post=7453"}],"curies":[{"name":"wp","href":"https:\/\/api.w.org\/{rel}","templated":true}]}}